{"id":6244,"date":"2021-02-27T12:19:04","date_gmt":"2021-02-27T11:19:04","guid":{"rendered":"https:\/\/rethink.mtconsulting.es\/?page_id=6244"},"modified":"2021-03-18T15:24:18","modified_gmt":"2021-03-18T14:24:18","slug":"politica-de-privacitat","status":"publish","type":"page","link":"https:\/\/rethinkbcn.cat\/es\/politica-de-privacitat\/","title":{"rendered":"Pol\u00edtica de privacidad"},"content":{"rendered":"<p>[et_pb_section fb_built=\u00bb1&#8243; _builder_version=\u00bb4.9.0&#8243; _module_preset=\u00bbdefault\u00bb da_disable_devices=\u00bboff|off|off\u00bb da_is_popup=\u00bboff\u00bb da_exit_intent=\u00bboff\u00bb da_has_close=\u00bbon\u00bb da_alt_close=\u00bboff\u00bb da_dark_close=\u00bboff\u00bb da_not_modal=\u00bbon\u00bb da_is_singular=\u00bboff\u00bb da_with_loader=\u00bboff\u00bb da_has_shadow=\u00bbon\u00bb][et_pb_row _builder_version=\u00bb4.9.0&#8243; _module_preset=\u00bbdefault\u00bb][et_pb_column type=\u00bb4_4&#8243; _builder_version=\u00bb4.9.0&#8243; _module_preset=\u00bbdefault\u00bb][et_pb_text _builder_version=\u00bb4.9.0&#8243; _module_preset=\u00bbdefault\u00bb hover_enabled=\u00bb0&#8243; sticky_enabled=\u00bb0&#8243;]<\/p>\n<h2 style=\"text-align: left;\">POL\u00cdTICA DE PRIVACIDAD<\/h2>\n<p style=\"text-align: justify;\">Datos del propietario de la web:<\/p>\n<ul style=\"text-align: justify;\">\n<li>Raz\u00f3n Social: SOCIEDAD BARCELONESA DE ESTUDIOS ECON\u00d3MICOS Y SOCIALES<\/li>\n<li>NIF: G42771139<\/li>\n<li>Direcci\u00f3n postal: VIA LAIETANA NUM 32 DE BARCELONA CP 08003<\/li>\n<li>Direcci\u00f3n electr\u00f3nica: info@lasocietat.cat<\/li>\n<li>Registro Mercantil: n\u00ba nacional 593-2021<\/li>\n<li>Objeto principal: Desarrollo de debates intelectuales entorno a la regi\u00f3n metropolitana de Barcelona<\/li>\n<li>DPD: Professional Grup Conversia SLU dpd.cliente@conversia.es<\/li>\n<\/ul>\n<h3 style=\"text-align: justify;\">PROTECCI\u00d3N DE DATOS<\/h3>\n<p style=\"text-align: justify;\">De conformidad con la normativa vigente y aplicable en protecci\u00f3n de datos de car\u00e1cter personal, le informamos que sus datos ser\u00e1n incorporados al sistema de tratamiento titularidad de SOCIEDAD BARCELONESA DE ESTUDIOS ECONOMICOS Y SOCIALES con NIF G42771139 y domicilio social sito en VIA LAIETANA NUM 32 DE BARCELONA CP 08003, y que a continuaci\u00f3n se relacionan sus respectivas finalidades, plazos de conservaci\u00f3n y bases legitimadoras. Para aquellos tratamientos que lo requieran, se informa tambi\u00e9n de la posible elaboraci\u00f3n de perfiles y decisiones automatizadas, as\u00ed como las posibles cesiones y las transferencias internacionales que SOCIEDAD BARCELONESA DE ESTUDIOS ECONOMICOS Y SOCIALES tiene previsto realizar:<\/p>\n<h4 style=\"text-align: justify;\">TRATAMIENTOS REALIZADOS<\/h4>\n<h5 style=\"text-align: justify;\">Gesti\u00f3n de la p\u00e1gina web<\/h5>\n<p style=\"text-align: justify;\"><strong>Finalidad<\/strong>: Tratamiento y gesti\u00f3n de los datos necesarios para la funcionalidad de la p\u00e1gina web<br \/><strong>Plazo de conservaci\u00f3n<\/strong>: mientras perdure el consentimiento prestado<br \/><strong>Base leg\u00edtima<\/strong>: El consentimiento del interesado<br \/><strong>Tipolog\u00eda de Datos<\/strong>: Datos meramente identificativos<br \/><strong>Cesiones<\/strong>: No se prev\u00e9n<br \/><strong>Transferencias internacionales<\/strong>: No se prev\u00e9n<br \/><strong>Elaboraciones de perfiles<\/strong>: No se prev\u00e9n<\/p>\n<h5 style=\"text-align: justify;\">Gesti\u00f3n del cumplimiento normativo<\/h5>\n<p style=\"text-align: justify;\"><strong>Finalidad<\/strong>: Gesti\u00f3n y tramitaci\u00f3n de las obligaciones y deberes que se deriven del cumplimiento de la normativa a la cual est\u00e1 sujeta la entidad<br \/><strong>Plazo de conservaci\u00f3n<\/strong>: conservaci\u00f3n de las copias de los documentos hasta que prescriban las acciones para reclamarle una posible responsabilidad<br \/><strong>Base leg\u00edtima<\/strong>: El cumplimiento de una ley<br \/><strong>Tipolog\u00eda de Datos:<\/strong> Datos meramente identificativos<br \/><strong>Cesiones<\/strong>: sus datos ser\u00e1n comunicados en caso de ser necesario a Organismos y\/o administraci\u00f3n p\u00fablica con competencia en la materia con la finalidad de cumplir con las obligaciones establecidas en la normativa aplicable. Adem\u00e1s, se informa que la base legitimadora de la cesi\u00f3n es cumplir con las obligaciones establecidas en la normativa aplicable<br \/><strong>Transferencias internacionales<\/strong>: No se prev\u00e9n<br \/><strong>Elaboraciones de perfiles<\/strong>: No se prev\u00e9n<\/p>\n<h5 style=\"text-align: justify;\">Newsletters<\/h5>\n<p style=\"text-align: justify;\"><strong>Finalidad<\/strong>: Captaci\u00f3n, registro y tratamiento de datos con finalidades de marketing para realizar el env\u00edo correspondiente a la Newsletter a la cual se ha subscrito<br \/><strong>Plazo de conservaci\u00f3n<\/strong>: mientras se mantenga el consentimiento prestado<br \/><strong>Base leg\u00edtima<\/strong>: El consentimiento del interesado<br \/><strong>Tipolog\u00eda de Datos:<\/strong> Datos meramente identificativos<br \/><strong>Cesiones<\/strong>: se podr\u00e1n prever cesiones de datos a las empresas del grupo o empresas colaboradoras, siempre que el usuario haya aceptado de manera expresa.<br \/><strong>Transferencias internacionales<\/strong>: No se prev\u00e9n<br \/><strong>Elaboraciones de perfiles<\/strong>: No se prev\u00e9n<\/p>\n<h5 style=\"text-align: justify;\">Acciones Comerciales<\/h5>\n<p style=\"text-align: justify;\"><strong>Finalidad<\/strong>: Captaci\u00f3n, registro y tratamiento de datos con finalidades de publicidad y prospecci\u00f3n comercial de nuestros productos y\/o servicios<br \/><strong>Plazo de conservaci\u00f3n<\/strong>: mientras se mantenga el consentimiento prestado<br \/><strong>Base leg\u00edtima<\/strong>: El consentimiento del interesado<br \/><strong>Tipolog\u00eda de Datos:<\/strong> Datos meramente identificativos<br \/><strong>Cesiones<\/strong>: se podr\u00e1n prever cesiones de datos a las empresas del grupo o empresas colaboradoras, siempre que el usuario haya aceptado de manera expresa.<br \/><strong>Transferencias internacionales<\/strong>: No se prev\u00e9n<br \/><strong>Elaboraciones de perfiles<\/strong>: No se prev\u00e9n<\/p>\n<h5 style=\"text-align: justify;\">Registro de los usuarios<\/h5>\n<p style=\"text-align: justify;\"><strong>Finalidad<\/strong>: Captaci\u00f3n, registro y tratamiento de datos para poder registrarse como usuario<br \/><strong>Plazo de conservaci\u00f3n<\/strong>: mientras perdure el consentimiento prestado<br \/><strong>Base leg\u00edtima<\/strong>: El consentimiento del interesado<br \/><strong>Tipolog\u00eda de Datos:<\/strong> Datos meramente identificativos<br \/><strong>Cesiones<\/strong>: se podr\u00e1n prever cesiones de datos a las empresas del grupo.<br \/><strong>Transferencias internacionales<\/strong>: No se prev\u00e9n<br \/><strong>Elaboraciones de perfiles<\/strong>: No se prev\u00e9n<\/p>\n<h5 style=\"text-align: justify;\">Gesti\u00f3n formulario web<\/h5>\n<p style=\"text-align: justify;\"><strong>Finalidad<\/strong>: gesti\u00f3n y tramitaci\u00f3n de las consultas y peticiones recibidas a trav\u00e9s de los formularios habilitados<br \/><strong>Plazo de conservaci\u00f3n<\/strong>: mientras perdure el consentimiento prestado<br \/><strong>Base leg\u00edtima<\/strong>: El consentimiento del interesado<br \/><strong>Tipolog\u00eda de Datos:<\/strong> Datos meramente identificativos<br \/><strong>Cesiones<\/strong>: no se prev\u00e9n<br \/><strong>Transferencias internacionales<\/strong>: No se prev\u00e9n<br \/><strong>Elaboraciones de perfiles<\/strong>: No se prev\u00e9n<\/p>\n<p style=\"text-align: justify;\">A su vez, le informamos que puede contactar con el Delegado de Protecci\u00f3n de Datos, dirigi\u00e9ndose por escrito a la direcci\u00f3n de correo <a href=\"mailto:dpd.cliente@conversia.es\">dpd.cliente@conversia.es<\/a> \u00a0al tel\u00e9fono 902877192.<\/p>\n<p style=\"text-align: justify;\"><strong>Derechos de los interesados<\/strong><\/p>\n<p style=\"text-align: justify;\">SOCIEDAD BARCELONESA DE ESTUDIOS ECONOMICOS Y SOCIALES informa a los Usuarios que, podr\u00e1 ejercer los derechos de acceso, rectificaci\u00f3n, limitaci\u00f3n, supresi\u00f3n, portabilidad y oposici\u00f3n al tratamiento de sus datos de car\u00e1cter personal ante el Responsable del Tratamiento, as\u00ed como a la retirada del consentimiento prestado.<\/p>\n<ul style=\"text-align: justify;\">\n<li><strong><u>Derecho de Acceso<\/u><\/strong>: Es el derecho del usuario a obtener informaci\u00f3n sobre sus datos concretos de car\u00e1cter personal y del tratamiento que se haya realizado o realice, as\u00ed como de la informaci\u00f3n disponible sobre el origen de dichos datos y las comunicaciones realizadas o previstas de los mismos.<\/li>\n<li><strong><u>Derecho de Rectificaci\u00f3n<\/u><\/strong>: Es el derecho del afectado a que se modifiquen los datos que resulten ser inexactos o incompletos. S\u00f3lo podr\u00e1 satisfacerse en relaci\u00f3n a aquella informaci\u00f3n que se encuentre bajo el control de la APP, por ejemplo, eliminar comentarios publicados en la propia p\u00e1gina, im\u00e1genes o contenidos web donde consten datos de car\u00e1cter personal del usuario.<\/li>\n<li><strong><u>Derecho a la Limitaci\u00f3n de tratamiento<\/u><\/strong>: Es el derecho a que se limiten los fines del tratamiento previstos de forma original por el responsable del tratamiento.<\/li>\n<li><strong><u>Derecho de Supresi\u00f3n<\/u><\/strong>: Es el derecho a suprimir los datos de car\u00e1cter personal del usuario, a excepci\u00f3n de lo previsto en el propio RGPD o en otras normativas aplicables que determinen la obligatoriedad de la conservaci\u00f3n de los mismos, en tiempo y forma.<\/li>\n<li><strong><u>Derecho de portabilidad<\/u><\/strong>: El derecho a recibir los datos personales que el usuario, haya facilitado, en un formato estructurado, de uso com\u00fan y lectura mec\u00e1nica, y a transmitirlos a otro responsable.<\/li>\n<li><strong><u>Derecho de Oposici\u00f3n<\/u><\/strong>: Es el derecho del usuario a que no se lleve a cabo el tratamiento de sus datos de car\u00e1cter personal o se cese el tratamiento de los mismos por parte de la APP.<\/li>\n<\/ul>\n<p style=\"text-align: justify;\">Para poder ejercer cualquiera de los derechos descritos anteriormente deber\u00e1 cumplir con los siguientes requisitos:<\/p>\n<ul style=\"text-align: justify;\">\n<li>Presentaci\u00f3n de un escrito a la direcci\u00f3n m\u00e1s arriba indicada (a la atenci\u00f3n de SOCIEDAD BARCELONESA DE ESTUDIOS ECONOMICOS Y SOCIALES) o bien a trav\u00e9s de correo electr\u00f3nico a por correo electr\u00f3nico a <a href=\"mailto:Info@lasocietat.cat\">Info@lasocietat.cat<\/a> .<\/li>\n<li>El escrito remitido por el titular de los datos que solicite el ejercicio deber\u00e1 de cumplir los siguientes requisitos legales:\n<ul>\n<li>Nombre, apellidos del interesado y copia del DNI\/NIE o cualquier documento identificativo. En los excepcionales casos en que se admita la representaci\u00f3n, ser\u00e1 tambi\u00e9n necesaria la identificaci\u00f3n por el mismo medio de la persona que le representa, as\u00ed como el documento acreditativo de la representaci\u00f3n. La fotocopia del DNI podr\u00e1 ser sustituida siempre que se acredite la identidad por cualquier otro medio v\u00e1lido en derecho.<\/li>\n<li>Petici\u00f3n en que se concreta la solicitud. (Ejercicio en el que se solicita la informaci\u00f3n a la que se quiere acceder). Si no hace referencia a un fichero concreto se le facilitar\u00e1 toda la informaci\u00f3n que se tenga con sus datos de car\u00e1cter personal. Si solicita informaci\u00f3n de un fichero en concreto, s\u00f3lo la informaci\u00f3n de este fichero. Si solicita informaci\u00f3n relativa a un tercero nunca se podr\u00e1 facilitar. Si lo solicita por tel\u00e9fono se le indicar\u00e1 que lo haga por escrito y se le informar\u00e1 de c\u00f3mo lo puede hacer y la direcci\u00f3n a la que tiene que enviarlo. Nunca se le dar\u00e1 informaci\u00f3n por tel\u00e9fono.<\/li>\n<li>Domicilio a efectos de notificaciones.<\/li>\n<li>Fecha y firma del solicitante.<\/li>\n<li>Documentos acreditativos de la petici\u00f3n que formula.<\/li>\n<li>El interesado debe utilizar cualquier medio que permita acreditar el env\u00edo y la recepci\u00f3n de la solicitud.<\/li>\n<\/ul>\n<\/li>\n<\/ul>\n<p style=\"text-align: justify;\">Por \u00faltimo, le informamos que Usted tiene derecho a presentar una reclamaci\u00f3n ante la Agencia Espa\u00f1ola de Protecci\u00f3n de Datos en caso de que tenga conocimiento o considere que un hecho pueda suponer un incumplimiento de la normativa aplicable en materia de protecci\u00f3n de datos.<\/p>\n<p style=\"text-align: justify;\">Asimismo podr\u00e1n contactar con el delegado de protecci\u00f3n de datos de la entidad.<\/p>\n<p style=\"text-align: justify;\">SOCIEDAD BARCELONESA DE ESTUDIOS ECONOMICOS Y SOCIALES se compromete a adoptar las medidas t\u00e9cnicas y organizativas necesarias, acorde al nivel de riesgos que acompa\u00f1an los tratamientos realizados por \u00e9stas e indicados en el apartado de los t\u00e9rminos y condiciones de uso, de forma que garanticen su integridad, confidencialidad y disponibilidad.<\/p>\n<p style=\"text-align: justify;\"><strong><u>\u00daLTIMA ACTUALIZACI\u00d3N<\/u><\/strong><strong>: Barcelona, febrero de 2021.<\/strong><\/p>\n<p>[\/et_pb_text][\/et_pb_column][\/et_pb_row][\/et_pb_section]<\/p>\n","protected":false},"excerpt":{"rendered":"<p>[et_pb_section fb_built=\u00bb1&#8243; _builder_version=\u00bb4.9.0&#8243; _module_preset=\u00bbdefault\u00bb da_disable_devices=\u00bboff|off|off\u00bb da_is_popup=\u00bboff\u00bb da_exit_intent=\u00bboff\u00bb da_has_close=\u00bbon\u00bb da_alt_close=\u00bboff\u00bb da_dark_close=\u00bboff\u00bb da_not_modal=\u00bbon\u00bb da_is_singular=\u00bboff\u00bb da_with_loader=\u00bboff\u00bb da_has_shadow=\u00bbon\u00bb][et_pb_row _builder_version=\u00bb4.9.0&#8243; _module_preset=\u00bbdefault\u00bb][et_pb_column type=\u00bb4_4&#8243; _builder_version=\u00bb4.9.0&#8243; _module_preset=\u00bbdefault\u00bb][et_pb_text _builder_version=\u00bb4.9.0&#8243; _module_preset=\u00bbdefault\u00bb hover_enabled=\u00bb0&#8243; sticky_enabled=\u00bb0&#8243;] POL\u00cdTICA DE PRIVACIDAD Datos del propietario de la web: Raz\u00f3n Social: SOCIEDAD BARCELONESA DE ESTUDIOS ECON\u00d3MICOS Y SOCIALES NIF: G42771139 Direcci\u00f3n postal: VIA LAIETANA NUM 32 DE BARCELONA CP 08003 Direcci\u00f3n electr\u00f3nica: [&hellip;]<\/p>\n","protected":false},"author":1,"featured_media":0,"parent":0,"menu_order":0,"comment_status":"closed","ping_status":"closed","template":"","meta":{"_et_pb_use_builder":"on","_et_pb_old_content":"<p>[et_pb_section fb_built=\"1\" _builder_version=\"4.9.0\" _module_preset=\"default\" da_disable_devices=\"off|off|off\" da_is_popup=\"off\" da_exit_intent=\"off\" da_has_close=\"on\" da_alt_close=\"off\" da_dark_close=\"off\" da_not_modal=\"on\" da_is_singular=\"off\" da_with_loader=\"off\" da_has_shadow=\"on\"][et_pb_row _builder_version=\"4.9.0\" _module_preset=\"default\"][et_pb_column type=\"4_4\" _builder_version=\"4.9.0\" _module_preset=\"default\"][et_pb_text _builder_version=\"4.9.0\" _module_preset=\"default\" hover_enabled=\"0\" sticky_enabled=\"0\"]<\/p><h2 style=\"text-align: left;\">POL\u00cdTICA DE PRIVACITAT<\/h2><p style=\"text-align: justify;\">Dades del propietari de la web:<\/p><ul style=\"text-align: justify;\"><li>Ra\u00f3 Social: SOCIETAT BARCELONINA D'ESTUDIS ECON\u00d2MICS I SOCIALS<\/li><li>NIF: G42771139<\/li><li>Adre\u00e7a: VIA LAIETANA NUM 32 DE BARCELONA CP 08003<\/li><li>Correu: info@lasocietat.cat<\/li><li>Registre Mercantil:<\/li><li>Objecte principal: Desenvolupament de debats Intel.lectuals entorn a la regi\u00f3 metropolitana de Barcelona<\/li><li>DPD: Professional Grup Conversia SLU dpd.cliente@conversia.es<\/li><\/ul><h3 style=\"text-align: justify;\">PROTECCI\u00d3 DE DADES<\/h3><p style=\"text-align: justify;\">De conformitat amb la normativa vigent i aplicable en protecci\u00f3 de dades de car\u00e0cter personal, l'informem que les seves dades seran incorporades a sistema de tractament titularitat de SOCIETAT BARCELONINA D'ESTUDIS ECON\u00d2MICS I SOCIALS amb NIF G42771139 i domicili social situat a VIA LAIETANA NUM 32 DE BARCELONA CP 08003, i que a continuaci\u00f3 es relacionen les seves respectives finalitats, terminis de conservaci\u00f3 i bases legitimadores. Per a aquells tractaments que ho requereixin, s'informa tamb\u00e9 de la possible elaboraci\u00f3 de perfils i decisions automatitzades, aix\u00ed com les possibles cessions i les transfer\u00e8ncies internacionals que SOCIETAT BARCELONINA D'ESTUDIS ECON\u00d2MICS I SOCIALS t\u00e9 previst realitzar:<\/p><h4 style=\"text-align: justify;\">TRACTAMENTS REALITZATS<\/h4><h5 style=\"text-align: justify;\">Gesti\u00f3 de la p\u00e0gina web<\/h5><p style=\"text-align: justify;\"><strong>Finalitat<\/strong>: Tractament i gesti\u00f3 de les dades necess\u00e0ries per a la funcionalitat de la p\u00e0gina web<br \/><strong>Termini de conservaci\u00f3<\/strong>: Mentre perduri el consentiment prestat<br \/><strong>Base leg\u00edtima<\/strong>: El consentiment de l'interessat<br \/><strong>Tipologia de Dades<\/strong>: Dades merament identificatives<br \/><strong>Cessions<\/strong>: No es preveuen<br \/><strong>Transfer\u00e8ncies internacionals<\/strong>: No es preveuen<br \/><strong>Elaboracions de perfils<\/strong>: No es preveuen<\/p><h5 style=\"text-align: justify;\">Gesti\u00f3 de l'acompliment normatiu<\/h5><p style=\"text-align: justify;\"><strong>Finalitat<\/strong>: Gesti\u00f3 i tramitaci\u00f3 de les obligacions i deures que es deriven de l'acompliment de la normativa a la qual est\u00e0 subjecta l'entitat<br \/><strong>Termini de conservaci\u00f3<\/strong>: Conservaci\u00f3 de les c\u00f2pies dels documents fins que prescriguin les accions per reclamar-li una possible responsabilitat<br \/><strong>Base leg\u00edtima<\/strong>: El compliment d'una llei<br \/><strong>Tipologia de Dades:<\/strong> Dades merament identificatives<br \/><strong>Cessions<\/strong>: Les seves dades seran comunicats en cas de ser necessari a Organismes i \/ o administraci\u00f3 p\u00fablica amb compet\u00e8ncia en la mat\u00e8ria amb la finalitat de complir amb les obligacions establertes en la normativa aplicable. A m\u00e9s, s'informa que la base legitimadora de la cessi\u00f3 \u00e9s complir amb les obligacions establertes en la normativa aplicable<br \/><strong>Transfer\u00e8ncies internacionals<\/strong>: No es preveuen<br \/><strong>Elaboracions de perfils<\/strong>: No es preveuen<\/p><h5 style=\"text-align: justify;\">Newsletters<\/h5><p style=\"text-align: justify;\"><strong>Finalitat<\/strong>: Captaci\u00f3, registre i tractament de dades amb finalitats de m\u00e0rqueting per a realitzar l'enviament corresponent a la Newsletter a la qual s'ha subscrit<br \/><strong>Termini de conservaci\u00f3<\/strong>: Mentre es mantingui el consentiment prestat<br \/><strong>Base leg\u00edtima<\/strong>: El consentiment de l'interessat<br \/><strong>Tipologia de Dades:<\/strong> Dades merament identificatives<br \/><strong>Cessions<\/strong>: podran existir cessions de dades a empreses col\u00b7laboradores amb l\u2019entitat I que l\u2019usuari hagi acceptat rebre comunicacions aix\u00ed com a empreses del grup.<br \/><strong>Transfer\u00e8ncies internacionals<\/strong>: No es preveuen<br \/><strong>Elaboracions de perfils<\/strong>: No es preveuen<\/p><h5 style=\"text-align: justify;\">Accions Comercials<\/h5><p style=\"text-align: justify;\"><strong>Finalitat<\/strong>: Captaci\u00f3, registre i tractament de dades amb finalitats de publicitat i prospecci\u00f3 comercial dels nostres productes i \/ o serveis<br \/><strong>Termini de conservaci\u00f3<\/strong>: Mentre es mantingui el consentiment prestat<br \/><strong>Base leg\u00edtima<\/strong>: El consentiment de l'interessat<br \/><strong>Tipologia de Dades:<\/strong> Dades merament identificatives<br \/><strong>Cessions<\/strong>: podran existir cessions de dades a empreses col\u00b7laboradores amb l\u2019entitat I que l\u2019usuari hagi acceptat rebre comunicacions aix\u00ed com a empreses del grup.<br \/><strong>Transfer\u00e8ncies internacionals<\/strong>: No es preveuen<br \/><strong>Elaboracions de perfils<\/strong>: No es preveuen<\/p><h5 style=\"text-align: justify;\">Registre dels usuaris<\/h5><p style=\"text-align: justify;\"><strong>Finalitat<\/strong>: Captaci\u00f3, registre i tractament de dades per poder registrar-se com usuari<br \/><strong>Termini de conservaci\u00f3<\/strong>: Mentre perduri el consentiment prestat<br \/><strong>Base leg\u00edtima<\/strong>: El consentiment de l'interessat<br \/><strong>Tipologia de Dades:<\/strong> Dades merament identificatives<br \/><strong>Cessions<\/strong>: No es preveuen<br \/><strong>Transfer\u00e8ncies internacionals<\/strong>: No es preveuen<br \/><strong>Elaboracions de perfils<\/strong>: No es preveuen<\/p><h5 style=\"text-align: justify;\">Gesti\u00f3 formulari web<\/h5><p style=\"text-align: justify;\"><strong>Finalitat<\/strong>: gesti\u00f3 y tramitaci\u00f3 de las consultes y peticiones rebudes a trav\u00e9s de los formularis habilitats<br \/><strong>Termini de conservaci\u00f3<\/strong>: Mentre perduri el consentiment prestat<br \/><strong>Base leg\u00edtima<\/strong>: El consentiment de l'interessat<br \/><strong>Tipologia de Dades:<\/strong> Dades merament identificatives<br \/><strong>Cessions<\/strong>: No es preveuen<br \/><strong>Transfer\u00e8ncies internacionals<\/strong>: No es preveuen<br \/><strong>Elaboracions de perfils<\/strong>: No es preveuen<\/p><p style=\"text-align: justify;\">Al seu torn, l'informem que pot contactar amb el Delegat de Protecci\u00f3 de Dades, dirigint-se per escrit a l'adre\u00e7a de correu <a href=\"mailto:dpd.cliente@conversia.es\">dpd.cliente@conversia.es<\/a> \u00a0a el tel\u00e8fon 902877192 .<\/p><p style=\"text-align: justify;\"><strong>Drets dels interessats<\/strong><\/p><p style=\"text-align: justify;\">SOCIETAT BARCELONINA D'ESTUDIS ECON\u00d2MICS I SOCIALS informa als Usuaris que, podr\u00e0 exercir els drets d'acc\u00e9s, rectificaci\u00f3, limitaci\u00f3, supressi\u00f3, portabilitat i oposici\u00f3 a el tractament de les seves dades de car\u00e0cter personal davant el Responsable de l'Tractament, aix\u00ed com a la retirada de l'consentiment prestat.<\/p><ul style=\"text-align: justify;\"><li><strong><u>Dret d'Acc\u00e9s<\/u><\/strong>: \u00c9s el dret de l'usuari a obtenir informaci\u00f3 sobre les seves dades concretes de car\u00e0cter personal i de el tractament que s'hagi realitzat o realitzi, aix\u00ed com de la informaci\u00f3 disponible sobre l'origen d'aquestes dades i les comunicacions realitzades o previstes dels mateixos.<\/li><li><strong><u>Dret de Rectificaci\u00f3<\/u><\/strong>: \u00c9s el dret de l'afectat a qu\u00e8 es modifiquin les dades que resultin ser inexactes o incompletes. Nom\u00e9s podr\u00e0 satisfer-se en relaci\u00f3 a la informaci\u00f3 que es trobi sota el control de l'APP, per exemple, eliminar comentaris publicats a la pr\u00f2pia p\u00e0gina, imatges o continguts web on constin dades de car\u00e0cter personal de l'usuari.<\/li><li><strong><u>Dret a la Limitaci\u00f3 de tractament<\/u><\/strong>: \u00c9s el dret que es limitin els caps de el tractament previstos de forma original pel responsable de l'tractament.<\/li><li><strong><u>Dret de Supressi\u00f3<\/u><\/strong>: \u00c9s el dret a suprimir les dades de car\u00e0cter personal de l'usuari, a excepci\u00f3 del que preveu el propi RGPD o en altres normatives aplicables que determinin l'obligatorietat de la conservaci\u00f3 dels mateixos, en temps i forma.<\/li><li><strong><u>Dret de portabilitat<\/u><\/strong>: El dret a rebre les dades personals que l'usuari, hagi facilitat, en un format estructurat, d'\u00fas com\u00fa i lectura mec\u00e0nica, ja transmetre'ls a un altre responsable.<\/li><li><strong><u>Dret d'Oposici\u00f3<\/u><\/strong>: \u00c9s el dret de l'usuari a que no es dugui a terme el tractament de les seves dades de car\u00e0cter personal o se cessi el tractament dels mateixos per part de l'APP.<\/li><\/ul><p style=\"text-align: justify;\">Per poder exercir qualsevol dels drets descrits anteriorment ha de complir els seg\u00fcents requisits:<\/p><ul style=\"text-align: justify;\"><li>Presentaci\u00f3 d'un escrit a l'adre\u00e7a m\u00e9s amunt indicada (a l'atenci\u00f3 de SOCIETAT BARCELONINA D'ESTUDIS ECON\u00d2MICS I SOCIALS) o b\u00e9 a trav\u00e9s de correu electr\u00f2nic a per correu electr\u00f2nic a <a href=\"mailto:Info@lasocietat.cat\">Info@lasocietat.cat<\/a> .<\/li><li>L'escrit rem\u00e8s pel titular de les dades que sol\u00b7liciti l'exercici haur\u00e0 de complir els seg\u00fcents requisits legals:<ul><li>Nom, cognoms de l'interessat i c\u00f2pia de l'DNI \/ NIE o qualsevol document identificatiu. En els excepcionals casos en qu\u00e8 s'admeti la representaci\u00f3, ser\u00e0 tamb\u00e9 necess\u00e0ria la identificaci\u00f3 pel mateix mitj\u00e0 de la persona que el representa, aix\u00ed com el document acreditatiu de la representaci\u00f3. La fotoc\u00f2pia de l'DNI podr\u00e0 ser substitu\u00efda sempre que s'acrediti la identitat per qualsevol altre mitj\u00e0 v\u00e0lid en dret.<\/li><li>Petici\u00f3 en qu\u00e8 es concreta la sol\u00b7licitud. (Exercici en el qual se sol\u00b7licita la informaci\u00f3 a la qual es vol accedir). Si no fa refer\u00e8ncia a un fitxer concret se li facilitar\u00e0 tota la informaci\u00f3 que es tingui amb les seves dades de car\u00e0cter personal. Si sol\u00b7licita informaci\u00f3 d'un fitxer en concret, nom\u00e9s la informaci\u00f3 d'aquest fitxer. Si sol\u00b7licita informaci\u00f3 relativa a un tercer mai es podr\u00e0 facilitar. Si ho sol\u00b7licita per tel\u00e8fon se li indicar\u00e0 que ho faci per escrit i se li informar\u00e0 de com ho pot fer i la direcci\u00f3 a la que ha de enviar-lo. Mai se li donar\u00e0 informaci\u00f3 per tel\u00e8fon.<\/li><li>Domicili a efectes de notificacions.<\/li><li>Data i signatura de la persona sol\u00b7licitant.<\/li><li>Documents acreditatius de la petici\u00f3 que formula.<\/li><li>L'interessat ha d'utilitzar qualsevol mitj\u00e0 que permeti acreditar l'enviament i la recepci\u00f3 de la sol\u00b7licitud.<\/li><\/ul><\/li><\/ul><p style=\"text-align: justify;\">Finalment, l'informem que vost\u00e8 t\u00e9 dret a presentar una reclamaci\u00f3 davant l'Ag\u00e8ncia Espanyola de Protecci\u00f3 de Dades en el cas que tingui coneixement o consideri que un fet pugui suposar un incompliment de la normativa aplicable en mat\u00e8ria de protecci\u00f3 de dades.<\/p><p style=\"text-align: justify;\">SOCIETAT BARCELONINA D'ESTUDIS ECON\u00d2MICS I SOCIALS es compromet a adoptar les mesures t\u00e8cniques i organitzatives necess\u00e0ries, d'acord amb el nivell de riscos que acompanyen els tractaments realitzats per aquestes i indicats en l'apartat dels termes i condicions d'\u00fas, de manera que garanteixin la seva integritat, confidencialitat i disponibilitat.<\/p><p style=\"text-align: justify;\"><strong><u>\u00daLTIMA ACTUALITZACI\u00d3<\/u><\/strong><strong>: Barcelona, \u200b\u200bfebrer de 2021.<\/strong><\/p><p>[\/et_pb_text][\/et_pb_column][\/et_pb_row][\/et_pb_section]<\/p><p style=\"text-align: justify;\">\u00a0<\/p>","_et_gb_content_width":""},"_links":{"self":[{"href":"https:\/\/rethinkbcn.cat\/es\/wp-json\/wp\/v2\/pages\/6244"}],"collection":[{"href":"https:\/\/rethinkbcn.cat\/es\/wp-json\/wp\/v2\/pages"}],"about":[{"href":"https:\/\/rethinkbcn.cat\/es\/wp-json\/wp\/v2\/types\/page"}],"author":[{"embeddable":true,"href":"https:\/\/rethinkbcn.cat\/es\/wp-json\/wp\/v2\/users\/1"}],"replies":[{"embeddable":true,"href":"https:\/\/rethinkbcn.cat\/es\/wp-json\/wp\/v2\/comments?post=6244"}],"version-history":[{"count":9,"href":"https:\/\/rethinkbcn.cat\/es\/wp-json\/wp\/v2\/pages\/6244\/revisions"}],"predecessor-version":[{"id":7109,"href":"https:\/\/rethinkbcn.cat\/es\/wp-json\/wp\/v2\/pages\/6244\/revisions\/7109"}],"wp:attachment":[{"href":"https:\/\/rethinkbcn.cat\/es\/wp-json\/wp\/v2\/media?parent=6244"}],"curies":[{"name":"wp","href":"https:\/\/api.w.org\/{rel}","templated":true}]}}